{"id":785,"date":"2024-10-15T16:09:03","date_gmt":"2024-10-15T14:09:03","guid":{"rendered":"https:\/\/parentissportathle.fr\/?page_id=785"},"modified":"2026-03-31T11:02:54","modified_gmt":"2026-03-31T09:02:54","slug":"competitions","status":"publish","type":"page","link":"https:\/\/parentissportathle.fr\/index.php\/competitions\/","title":{"rendered":"R\u00e9sultats"},"content":{"rendered":"\n<div class=\"wp-block-group has-global-padding is-content-justification-right is-layout-constrained wp-container-core-group-is-layout-f1f2ed93 wp-block-group-is-layout-constrained\">\n<p class=\"has-text-align-right\"><a href=\"https:\/\/parentissportathle.fr\/index.php\/resultats-2024-2025\/\" data-type=\"page\" data-id=\"1884\" target=\"_blank\" rel=\"noreferrer noopener\">Cliquez ici pour les r\u00e9sultats 2024 \/ 2025<\/a><\/p>\n<\/div>\n\n\n\n<div style=\"height:60px\" aria-hidden=\"true\" class=\"wp-block-spacer\"><\/div>\n\n\n\n<h6 class=\"wp-block-heading\"><\/h6>\n\n\n\n<h1 class=\"wp-block-heading alignwide has-text-align-center is-style-default has-large-font-size\" style=\"letter-spacing:2px;line-height:1.2;text-decoration:underline\">R\u00e9sultats des sorties de la saison 2025 \/ 2026<\/h1>\n\n\n\n<div style=\"height:50px\" aria-hidden=\"true\" class=\"wp-block-spacer\"><\/div>\n\n\n\n<h5 class=\"wp-block-heading\" style=\"letter-spacing:5px\"><strong>Marathon et semi-marathon d&rsquo;Arcachon le 29 mars<\/strong><\/h5>\n\n\n\n<div class=\"wp-block-group is-layout-grid wp-container-core-group-is-layout-29b3cd7c wp-block-group-is-layout-grid\">\n<p class=\"wp-container-content-af50aedd\" style=\"padding-top:var(--wp--preset--spacing--10);padding-right:var(--wp--preset--spacing--10);padding-bottom:var(--wp--preset--spacing--10);padding-left:var(--wp--preset--spacing--10)\">700 PARTICIPANTS pour le MARATHON sont venus affronter un vent violent et un d\u00e9nivel\u00e9 positif de 170m.<br><br>GUILLAUME ROUSSARIE boucle son marathon en 3h30 et se classe 22\u00e8me en M1, il est vrai que Guillaume \u00e9tait escort\u00e9 au final par Robin et L\u00e9onie.<br><br>2400 coureurs dans les m\u00eames conditions venteuses ont dompt\u00e9 le SEMI.<br>Chez les f\u00e9minies LEA CAROCO 1H56 42\u00e8me M1, chez les masculins JULIEN CAROCO 1H29 12\u00e8me M1.<br><br>Le groupe running a brill\u00e9 \u00e0 Arcachon &#8211; Allez Parentis Sport Athletisme\ud83d\udc4f\ud83d\udc4f<\/p>\n\n\n\n<figure class=\"wp-block-image size-large wp-container-content-e6ceb429\" style=\"margin-top:var(--wp--preset--spacing--10);margin-right:var(--wp--preset--spacing--10);margin-bottom:var(--wp--preset--spacing--10);margin-left:var(--wp--preset--spacing--10)\"><img fetchpriority=\"high\" decoding=\"async\" width=\"768\" height=\"1024\" src=\"https:\/\/parentissportathle.fr\/wp-content\/uploads\/2026\/03\/6055f280-2c9d-4a2e-91d3-a297aae31cfc-768x1024.jpg\" alt=\"\" class=\"wp-image-2226\" srcset=\"https:\/\/parentissportathle.fr\/wp-content\/uploads\/2026\/03\/6055f280-2c9d-4a2e-91d3-a297aae31cfc-768x1024.jpg 768w, https:\/\/parentissportathle.fr\/wp-content\/uploads\/2026\/03\/6055f280-2c9d-4a2e-91d3-a297aae31cfc-225x300.jpg 225w, https:\/\/parentissportathle.fr\/wp-content\/uploads\/2026\/03\/6055f280-2c9d-4a2e-91d3-a297aae31cfc-1152x1536.jpg 1152w, https:\/\/parentissportathle.fr\/wp-content\/uploads\/2026\/03\/6055f280-2c9d-4a2e-91d3-a297aae31cfc.jpg 1536w\" sizes=\"(max-width: 768px) 100vw, 768px\" \/><\/figure>\n<\/div>\n\n\n\n<div style=\"height:50px\" aria-hidden=\"true\" class=\"wp-block-spacer\"><\/div>\n\n\n\n<h5 class=\"wp-block-heading\" style=\"letter-spacing:5px\"><strong><a href=\"https:\/\/parentissportathle.fr\/wp-content\/uploads\/2026\/03\/MONT-DE-MARSAN-DEPARTEMENTAL-EC-RT-CHALLENGE-28-mars-2026.pdf\">D\u00e9partemental Epreuves Combin\u00e9es MONT DE MARSAN 28_29 mars<\/a><\/strong><\/h5>\n\n\n\n<div class=\"wp-block-group is-layout-grid wp-container-core-group-is-layout-29b3cd7c wp-block-group-is-layout-grid\">\n<figure class=\"wp-block-image size-large wp-container-content-e6ceb429\" style=\"margin-top:var(--wp--preset--spacing--10);margin-right:var(--wp--preset--spacing--10);margin-bottom:var(--wp--preset--spacing--10);margin-left:var(--wp--preset--spacing--10)\"><img decoding=\"async\" width=\"768\" height=\"1024\" src=\"https:\/\/parentissportathle.fr\/wp-content\/uploads\/2026\/03\/2dd918a5-25d4-4cbe-8bfe-0bfa76c8f106-768x1024.jpg\" alt=\"\" class=\"wp-image-2217\" srcset=\"https:\/\/parentissportathle.fr\/wp-content\/uploads\/2026\/03\/2dd918a5-25d4-4cbe-8bfe-0bfa76c8f106-768x1024.jpg 768w, https:\/\/parentissportathle.fr\/wp-content\/uploads\/2026\/03\/2dd918a5-25d4-4cbe-8bfe-0bfa76c8f106-225x300.jpg 225w, https:\/\/parentissportathle.fr\/wp-content\/uploads\/2026\/03\/2dd918a5-25d4-4cbe-8bfe-0bfa76c8f106-1152x1536.jpg 1152w, https:\/\/parentissportathle.fr\/wp-content\/uploads\/2026\/03\/2dd918a5-25d4-4cbe-8bfe-0bfa76c8f106.jpg 1200w\" sizes=\"(max-width: 768px) 100vw, 768px\" \/><\/figure>\n\n\n\n<p class=\"wp-container-content-af50aedd\" style=\"padding-top:var(--wp--preset--spacing--10);padding-right:var(--wp--preset--spacing--10);padding-bottom:var(--wp--preset--spacing--10);padding-left:var(--wp--preset--spacing--10)\">Avec un temps \u00e0 ne pas mettre une LILLY dehors, pour 6 malheureux petits points LILLY DAFFE rate la premi\u00e8re marche du podium et termine 2\u00e8me avec un magnifique 1000 m au courage en 3&rsquo;47&Prime;90 record personnel et un excellent 100 m en 13&Prime;26.<br>Pas d&rsquo;inqui\u00e9tude revanche sera prise aux r\u00e9gionaux d\u00e9but juin.<br>Ses performances ( 80 Haies 13&Prime;83 &#8211; Hauteur 1m37 &#8211; longueur 4m81 &#8211; 100m 13&Prime;26 &#8211; Poids 7m75 &#8211; Javelot 12m99 &#8211; 1000m 3&rsquo;47&Prime;90).<br><br>Un 200 m CADET couru durant cette comp\u00e9tition a vu YON DULAC en 24&Prime;53 terminer 1er et ETHAN NAZORGUES en 24&Prime;92 2\u00e8me.<br><br>Bravo vous avez fait honneur a votre maillot\ud83d\udc4f\ud83d\udc4f\ud83d\udc4f\ud83d\udc4f\ud83d\udc4f\ud83d\udc4f\ud83d\udc4f\ud83d\udc4f\ud83d\udc4f\ud83d\udc4f<br><br>Le tableau des r\u00e9sultats via le lien ci-dessus.<\/p>\n<\/div>\n\n\n\n<div style=\"height:50px\" aria-hidden=\"true\" class=\"wp-block-spacer\"><\/div>\n\n\n\n<h5 class=\"wp-block-heading\" style=\"letter-spacing:5px\"><strong><a href=\"https:\/\/parentissportathle.fr\/wp-content\/uploads\/2026\/03\/CHALLENGE-EA-PO-BISCARROSSE-21-mars-2026.pdf\">CHALLENGE EA PO BISCARROSSE 21 mars 2026<\/a><\/strong><\/h5>\n\n\n\n<div class=\"wp-block-group is-layout-grid wp-container-core-group-is-layout-29b3cd7c wp-block-group-is-layout-grid\">\n<figure class=\"wp-block-image size-large wp-container-content-e6ceb429\" style=\"margin-top:var(--wp--preset--spacing--10);margin-right:var(--wp--preset--spacing--10);margin-bottom:var(--wp--preset--spacing--10);margin-left:var(--wp--preset--spacing--10)\"><img decoding=\"async\" width=\"768\" height=\"1024\" src=\"https:\/\/parentissportathle.fr\/wp-content\/uploads\/2026\/03\/78b83b24-632c-45c0-9981-64543cb7567a-768x1024.jpg\" alt=\"\" class=\"wp-image-2211\" srcset=\"https:\/\/parentissportathle.fr\/wp-content\/uploads\/2026\/03\/78b83b24-632c-45c0-9981-64543cb7567a-768x1024.jpg 768w, https:\/\/parentissportathle.fr\/wp-content\/uploads\/2026\/03\/78b83b24-632c-45c0-9981-64543cb7567a-225x300.jpg 225w, https:\/\/parentissportathle.fr\/wp-content\/uploads\/2026\/03\/78b83b24-632c-45c0-9981-64543cb7567a-1152x1536.jpg 1152w, https:\/\/parentissportathle.fr\/wp-content\/uploads\/2026\/03\/78b83b24-632c-45c0-9981-64543cb7567a.jpg 1200w\" sizes=\"(max-width: 768px) 100vw, 768px\" \/><\/figure>\n\n\n\n<p class=\"wp-container-content-af50aedd\" style=\"padding-top:var(--wp--preset--spacing--10);padding-right:var(--wp--preset--spacing--10);padding-bottom:var(--wp--preset--spacing--10);padding-left:var(--wp--preset--spacing--10)\">Un temps ensoleill\u00e9 \u00e0 permis a nos jeunes athl\u00e8tes de montrer leur talent et leur motivation.<br>F\u00e9licitations \u00e0 tous ces jeunes.<br><br>Un grand merci aux accompagnants-encadrants de notre club : Pierre-Olivier Warnet, Jean-Pierre et Jean-Luc Malnar, Guillaume Roussarie,Thierry Peyre, sans qui la comp\u00e9tition n&rsquo;aurait pu se d\u00e9rouler.<br><br>Bravo \u00e0 toutes et tous\ud83d\udc4f\ud83d\udc4f\ud83d\udc4f\ud83d\udc4f\ud83d\udc4f\ud83d\udc4f\ud83d\udc4f\ud83d\udc4f\ud83d\udc4f\ud83d\udc4f<br><br>Le tableau des r\u00e9sultats via le lien ci-dessus.<\/p>\n<\/div>\n\n\n\n<div style=\"height:50px\" aria-hidden=\"true\" class=\"wp-block-spacer\"><\/div>\n\n\n\n<h5 class=\"wp-block-heading\" style=\"letter-spacing:5px\"><strong><a href=\"https:\/\/parentissportathle.fr\/wp-content\/uploads\/2026\/03\/CHALLENGE-AIRE-SUR-ADOUR-15-mars-2026.pdf\">Challenge AIRE SUR ADOUR 15 mars 2026<\/a><\/strong><\/h5>\n\n\n\n<div class=\"wp-block-group is-layout-grid wp-container-core-group-is-layout-29b3cd7c wp-block-group-is-layout-grid\">\n<figure class=\"wp-block-image size-large wp-container-content-e6ceb429\" style=\"margin-top:var(--wp--preset--spacing--10);margin-right:var(--wp--preset--spacing--10);margin-bottom:var(--wp--preset--spacing--10);margin-left:var(--wp--preset--spacing--10)\"><img loading=\"lazy\" decoding=\"async\" width=\"1024\" height=\"768\" src=\"https:\/\/parentissportathle.fr\/wp-content\/uploads\/2026\/03\/3-1024x768.jpg\" alt=\"\" class=\"wp-image-2206\" srcset=\"https:\/\/parentissportathle.fr\/wp-content\/uploads\/2026\/03\/3-1024x768.jpg 1024w, https:\/\/parentissportathle.fr\/wp-content\/uploads\/2026\/03\/3-300x225.jpg 300w, https:\/\/parentissportathle.fr\/wp-content\/uploads\/2026\/03\/3-768x576.jpg 768w, https:\/\/parentissportathle.fr\/wp-content\/uploads\/2026\/03\/3.jpg 1280w\" sizes=\"(max-width: 1024px) 100vw, 1024px\" \/><\/figure>\n\n\n\n<p class=\"wp-container-content-af50aedd\" style=\"padding-top:var(--wp--preset--spacing--10);padding-right:var(--wp--preset--spacing--10);padding-bottom:var(--wp--preset--spacing--10);padding-left:var(--wp--preset--spacing--10)\">La saison estivale d\u00e9marrait ce week-end \u00e0 Aire sur Adour et nos athl\u00e8tes d\u00e9marrent cette saison en trombe. 25 RECORDS PERSONNELS AMELIORES, belle satisfaction pour les coaches.<br>Le maillot de Parentis a \u00e9t\u00e9 \u00e0 l&rsquo;honneur avec 6 victoires, 7 podiums.<br>Le tableau des r\u00e9sultats via le lien ci-dessus.<br><br>Merci aux juges et accompagnants, Aurelie, Magali, Thierry, Pierre-Olivier, Eric, Thomas<br>Bravo \u00e0 tous\ud83d\udc4f\ud83d\udc4f\ud83d\udc4f\ud83d\udc4f\ud83d\udc4f\ud83d\udc4f\ud83d\udc4f\ud83d\udc4f\ud83d\udc4f\ud83d\udc4f\ud83d\udc4f\ud83d\udc4f\ud83d\udc4f\ud83d\udc4f<\/p>\n<\/div>\n\n\n\n<div style=\"height:50px\" aria-hidden=\"true\" class=\"wp-block-spacer\"><\/div>\n\n\n\n<h5 class=\"wp-block-heading\" style=\"letter-spacing:5px\"><strong><a href=\"https:\/\/parentissportathle.fr\/wp-content\/uploads\/2026\/03\/REGIONAUX-MINIME-SALLE-28-fevrier-2026-LIMOGES.pdf\">R\u00e9gionaux MINIME SALLE 28 f\u00e9vrier 2026<\/a><\/strong><\/h5>\n\n\n\n<div class=\"wp-block-group is-layout-grid wp-container-core-group-is-layout-29b3cd7c wp-block-group-is-layout-grid\">\n<figure class=\"wp-block-image size-large wp-container-content-e6ceb429\" style=\"margin-top:var(--wp--preset--spacing--10);margin-right:var(--wp--preset--spacing--10);margin-bottom:var(--wp--preset--spacing--10);margin-left:var(--wp--preset--spacing--10)\"><img loading=\"lazy\" decoding=\"async\" width=\"1024\" height=\"768\" src=\"https:\/\/parentissportathle.fr\/wp-content\/uploads\/2026\/03\/074d2118-3b0c-4b4c-88ba-f5c03c630e32-1024x768.jpg\" alt=\"\" class=\"wp-image-2199\" srcset=\"https:\/\/parentissportathle.fr\/wp-content\/uploads\/2026\/03\/074d2118-3b0c-4b4c-88ba-f5c03c630e32-1024x768.jpg 1024w, https:\/\/parentissportathle.fr\/wp-content\/uploads\/2026\/03\/074d2118-3b0c-4b4c-88ba-f5c03c630e32-300x225.jpg 300w, https:\/\/parentissportathle.fr\/wp-content\/uploads\/2026\/03\/074d2118-3b0c-4b4c-88ba-f5c03c630e32-768x576.jpg 768w, https:\/\/parentissportathle.fr\/wp-content\/uploads\/2026\/03\/074d2118-3b0c-4b4c-88ba-f5c03c630e32-1536x1152.jpg 1536w, https:\/\/parentissportathle.fr\/wp-content\/uploads\/2026\/03\/074d2118-3b0c-4b4c-88ba-f5c03c630e32.jpg 1600w\" sizes=\"(max-width: 1024px) 100vw, 1024px\" \/><\/figure>\n\n\n\n<p class=\"wp-container-content-af50aedd\" style=\"padding-top:var(--wp--preset--spacing--10);padding-right:var(--wp--preset--spacing--10);padding-bottom:var(--wp--preset--spacing--10);padding-left:var(--wp--preset--spacing--10)\">F\u00e9licitations 0 la conductrice Magali 700 km dans la journ\u00e9e (pas mal) au juge Thierry, aux conseillers sportifs Etienne et Yon qui ont contribu\u00e9 a la r\u00e9alisation de belles performances. Au 50m haies LILLY DAFFE 8&Prime;35 record personnel finaliste 7&Prime;21 au 50m, ANNA SARTRE 7&Prime;12 au 50m record personnel finaliste, notre relais 4x1tour (Charlotte Charleux, Anna Sartre, Elsa Lemoine, Lilly Daffe) am\u00e9liore de plus de 6 secondes le record du club en 1&rsquo;56&Prime;63. Ces performances cl\u00f4turent la saison hivernale en attendant la saison estivale qui commence le dimanche 15 mars 0 Aire sur Adour.<br>Bravo a toutes et tous !<\/p>\n<\/div>\n\n\n\n<div style=\"height:50px\" aria-hidden=\"true\" class=\"wp-block-spacer\"><\/div>\n\n\n\n<h5 class=\"wp-block-heading\" style=\"letter-spacing:5px\"><strong><a href=\"https:\/\/parentissportathle.fr\/wp-content\/uploads\/2026\/02\/DEMI-FINALE-CROSS-COGNAC-15-fevrier-2026.pdf\">Demi-finale CROSS COGNAC 15 f\u00e9vrier 2026<\/a><\/strong><\/h5>\n\n\n\n<div class=\"wp-block-group is-layout-grid wp-container-core-group-is-layout-29b3cd7c wp-block-group-is-layout-grid\">\n<p class=\"wp-container-content-af50aedd\" style=\"padding-top:var(--wp--preset--spacing--10);padding-right:var(--wp--preset--spacing--10);padding-bottom:var(--wp--preset--spacing--10);padding-left:var(--wp--preset--spacing--10)\">Dans des conditions apocalyptiques LOUANE MERCIER tr\u00e8s courageuse car dans ce champ de boue elle s\u2019est tordu la cheville, boucle les 4220m en 20\u00b442 \u00e0 la 43eme place sur 100 partantes.<br>Bravo \u00e0 toi Louane et le meilleur pour la suite\ud83d\udc4f\ud83d\udc4f\ud83d\udc4f\ud83d\udc4f\ud83d\udc4f\ud83d\udc4f<\/p>\n\n\n\n<figure class=\"wp-block-image size-large wp-container-content-e6ceb429\" style=\"margin-top:var(--wp--preset--spacing--10);margin-right:var(--wp--preset--spacing--10);margin-bottom:var(--wp--preset--spacing--10);margin-left:var(--wp--preset--spacing--10)\"><img loading=\"lazy\" decoding=\"async\" width=\"1024\" height=\"768\" src=\"https:\/\/parentissportathle.fr\/wp-content\/uploads\/2026\/02\/527b1868-c9b4-49ee-9e40-1bc40637bbae-1024x768.jpg\" alt=\"\" class=\"wp-image-2193\" srcset=\"https:\/\/parentissportathle.fr\/wp-content\/uploads\/2026\/02\/527b1868-c9b4-49ee-9e40-1bc40637bbae-1024x768.jpg 1024w, https:\/\/parentissportathle.fr\/wp-content\/uploads\/2026\/02\/527b1868-c9b4-49ee-9e40-1bc40637bbae-300x225.jpg 300w, https:\/\/parentissportathle.fr\/wp-content\/uploads\/2026\/02\/527b1868-c9b4-49ee-9e40-1bc40637bbae-768x576.jpg 768w, https:\/\/parentissportathle.fr\/wp-content\/uploads\/2026\/02\/527b1868-c9b4-49ee-9e40-1bc40637bbae.jpg 1280w\" sizes=\"(max-width: 1024px) 100vw, 1024px\" \/><\/figure>\n<\/div>\n\n\n\n<div style=\"height:50px\" aria-hidden=\"true\" class=\"wp-block-spacer\"><\/div>\n\n\n\n<h5 class=\"wp-block-heading\" style=\"letter-spacing:5px\"><strong>R\u00e9gionaux en SALLE \u00e0 LIMOGES 08 f\u00e9vrier 2026<\/strong><\/h5>\n\n\n\n<div class=\"wp-block-group is-layout-grid wp-container-core-group-is-layout-29b3cd7c wp-block-group-is-layout-grid\">\n<p class=\"wp-container-content-7f2f07fa\" style=\"padding-top:var(--wp--preset--spacing--10);padding-right:var(--wp--preset--spacing--10);padding-bottom:var(--wp--preset--spacing--10);padding-left:var(--wp--preset--spacing--10)\">REGIONAUX en salle a LIMOGES<br>Sur 60m haies MATHEO LACOSTE s&rsquo;approche de sa meilleure performance en 9&Prime;07 \ud83d\udc4f\ud83d\udc4f\ud83d\udc4f\ud83d\udc4f<\/p>\n<\/div>\n\n\n\n<div style=\"height:50px\" aria-hidden=\"true\" class=\"wp-block-spacer\"><\/div>\n\n\n\n<h5 class=\"wp-block-heading\" style=\"letter-spacing:5px\"><strong>R\u00e9gionaux LANCERS LONGS VILLENEUVE SUR LOT 08 f\u00e9vrier 2026<\/strong><\/h5>\n\n\n\n<div class=\"wp-block-group is-layout-grid wp-container-core-group-is-layout-29b3cd7c wp-block-group-is-layout-grid\">\n<figure class=\"wp-block-image size-large wp-container-content-e6ceb429\" style=\"margin-top:var(--wp--preset--spacing--10);margin-right:var(--wp--preset--spacing--10);margin-bottom:var(--wp--preset--spacing--10);margin-left:var(--wp--preset--spacing--10)\"><img loading=\"lazy\" decoding=\"async\" width=\"1024\" height=\"768\" src=\"https:\/\/parentissportathle.fr\/wp-content\/uploads\/2026\/02\/Lancers-longs-1024x768.jpg\" alt=\"\" class=\"wp-image-2173\" srcset=\"https:\/\/parentissportathle.fr\/wp-content\/uploads\/2026\/02\/Lancers-longs-1024x768.jpg 1024w, https:\/\/parentissportathle.fr\/wp-content\/uploads\/2026\/02\/Lancers-longs-300x225.jpg 300w, https:\/\/parentissportathle.fr\/wp-content\/uploads\/2026\/02\/Lancers-longs-768x576.jpg 768w, https:\/\/parentissportathle.fr\/wp-content\/uploads\/2026\/02\/Lancers-longs-1536x1152.jpg 1536w, https:\/\/parentissportathle.fr\/wp-content\/uploads\/2026\/02\/Lancers-longs-2048x1536.jpg 2048w\" sizes=\"(max-width: 1024px) 100vw, 1024px\" \/><\/figure>\n\n\n\n<p class=\"wp-container-content-af50aedd\" style=\"padding-top:var(--wp--preset--spacing--10);padding-right:var(--wp--preset--spacing--10);padding-bottom:var(--wp--preset--spacing--10);padding-left:var(--wp--preset--spacing--10)\">REGIONAUX LANCERS LONGS VILLENEUVE SUR LOT<br>Nos Juniors en forme.<br>Podium pour ISAAC DELATRE 3\u00e8me au poids 10m 46 et 31m 14 au marteau.<br>Podium pour DORIAN WAGNER 3\u00e8me au marteau 37m54 et 8m90 au poids.<br>Dans leurs deux disciplines ISAAC et DORIAN am\u00e9liorent leurs records personnels.\ud83d\udc4f\ud83d\udc4f\ud83d\udc4f\ud83d\udc4f\ud83d\udc4f<\/p>\n<\/div>\n\n\n\n<div style=\"height:50px\" aria-hidden=\"true\" class=\"wp-block-spacer\"><\/div>\n\n\n\n<h5 class=\"wp-block-heading\" style=\"letter-spacing:5px\"><strong><a href=\"https:\/\/parentissportathle.fr\/wp-content\/uploads\/2026\/02\/INTERDEPARTEMENTAL-SALLE-MINIME-BORDEAUX-07-02-2026.pdf\">Interd\u00e9partemental SALLE MINIME BORDEAUX 07 f\u00e9vrier 2026<\/a><\/strong><\/h5>\n\n\n\n<div class=\"wp-block-group is-layout-grid wp-container-core-group-is-layout-29b3cd7c wp-block-group-is-layout-grid\">\n<figure class=\"wp-block-image size-large wp-container-content-e6ceb429\" style=\"margin-top:var(--wp--preset--spacing--10);margin-right:var(--wp--preset--spacing--10);margin-bottom:var(--wp--preset--spacing--10);margin-left:var(--wp--preset--spacing--10)\"><img loading=\"lazy\" decoding=\"async\" width=\"1024\" height=\"768\" src=\"https:\/\/parentissportathle.fr\/wp-content\/uploads\/2026\/02\/minimes-1024x768.jpg\" alt=\"\" class=\"wp-image-2165\" srcset=\"https:\/\/parentissportathle.fr\/wp-content\/uploads\/2026\/02\/minimes-1024x768.jpg 1024w, https:\/\/parentissportathle.fr\/wp-content\/uploads\/2026\/02\/minimes-300x225.jpg 300w, https:\/\/parentissportathle.fr\/wp-content\/uploads\/2026\/02\/minimes-768x576.jpg 768w, https:\/\/parentissportathle.fr\/wp-content\/uploads\/2026\/02\/minimes-1536x1152.jpg 1536w, https:\/\/parentissportathle.fr\/wp-content\/uploads\/2026\/02\/minimes.jpg 1600w\" sizes=\"(max-width: 1024px) 100vw, 1024px\" \/><\/figure>\n\n\n\n<p class=\"wp-container-content-af50aedd\" style=\"padding-top:var(--wp--preset--spacing--10);padding-right:var(--wp--preset--spacing--10);padding-bottom:var(--wp--preset--spacing--10);padding-left:var(--wp--preset--spacing--10)\">L&rsquo;\u00e9quipe Minime a fait plaisir tant par son comportement tout au long de la comp\u00e9tition que par sa volont\u00e9 \u00e0 performer en donnant le meilleur. Le r\u00e9sultat est que de nombreux records personnels ont \u00e9t\u00e9 am\u00e9lior\u00e9s ce qui est de bon augure pour le mois de juin qui est le mois qui donnera le verdict du travail de l&rsquo;ann\u00e9e.<br>Franchement bravo a toutes et tous\ud83d\udc4f\ud83d\udc4f\ud83d\udc4f\ud83d\udc4f\ud83d\udc4f\ud83d\udc4f<br>je n&rsquo;oublie pas nos deux juges indispensables au d\u00e9roulement de la comp\u00e9tition Pierre Olivier et Thierry.<br>Les r\u00e9sultats ci-dessus.<br>En relais f\u00e9minins 4&#215;200 YON, un as du chrono, a pu flasher nos sprinteuses : LILLY 25&Prime; ANNA 25&Prime;5 CHARLOTTE 28&Prime; SALOME 33&Prime; JULIETTE 34&Prime; FAUSTINE 36&Prime; LOUISE 36&Prime; ELLA 41&Prime; (temps non significatif car le relais s&rsquo;est disput\u00e9 10 minutes apr\u00e8s son 1000m) &#8211;  bravo pour ton courage ELLA.<\/p>\n<\/div>\n\n\n\n<div style=\"height:50px\" aria-hidden=\"true\" class=\"wp-block-spacer\"><\/div>\n\n\n\n<h5 class=\"wp-block-heading\" style=\"letter-spacing:5px\"><strong><a href=\"https:\/\/parentissportathle.fr\/wp-content\/uploads\/2026\/02\/5-et-10-KM-DU-TEICH-01-fevrier-2026.pdf\">5 et 10 KM DU TEICH 01 f\u00e9vrier 2026<\/a><\/strong><\/h5>\n\n\n\n<div class=\"wp-block-group is-layout-grid wp-container-core-group-is-layout-29b3cd7c wp-block-group-is-layout-grid\">\n<p class=\"wp-container-content-af50aedd\" style=\"padding-top:var(--wp--preset--spacing--10);padding-right:var(--wp--preset--spacing--10);padding-bottom:var(--wp--preset--spacing--10);padding-left:var(--wp--preset--spacing--10)\"><strong>R\u00e9sultats 5 et 10km du Teich :<br><\/strong><br>Olivia Mah\u00e9 RP 21\u201906 15\u00e8m\u00e8 classement g\u00e9n\u00e9ral des filles et 1\u00e8re de sa cat\u00e9gorie cadette \ud83d\udcaa\ud83d\udcaa\ud83d\udcaa\ud83d\udcaa<br><br>Emma Surbeck RP 58\u201908 90\u00e8me \/ 177 s\u00e9nior<br><br>Lea Caroco RP 52\u201911 17\u00e8me \/ 47 master 0<br><br>Conditions m\u00e9t\u00e9o compliqu\u00e9es avec le vent et la pluie, course avec un niveau tr\u00e8s relev\u00e9 de part la pr\u00e9sence de nombreux club de la r\u00e9gion bordelaise, soit environ 1500 participants.<br>F\u00e9licitations aux trois filles qui ont toutes les trois battu leur record personnel et ont repr\u00e9sent\u00e9 dignement les couleurs du Parentis Sport Athl\u00e9tisme \ud83d\udcaa<\/p>\n\n\n\n<figure class=\"wp-block-image size-large wp-container-content-e6ceb429\"><img loading=\"lazy\" decoding=\"async\" width=\"768\" height=\"1024\" src=\"https:\/\/parentissportathle.fr\/wp-content\/uploads\/2026\/02\/10a4899a-2c35-4004-ad88-c95300e2ef03-768x1024.jpg\" alt=\"\" class=\"wp-image-2184\" srcset=\"https:\/\/parentissportathle.fr\/wp-content\/uploads\/2026\/02\/10a4899a-2c35-4004-ad88-c95300e2ef03-768x1024.jpg 768w, https:\/\/parentissportathle.fr\/wp-content\/uploads\/2026\/02\/10a4899a-2c35-4004-ad88-c95300e2ef03-225x300.jpg 225w, https:\/\/parentissportathle.fr\/wp-content\/uploads\/2026\/02\/10a4899a-2c35-4004-ad88-c95300e2ef03-1152x1536.jpg 1152w, https:\/\/parentissportathle.fr\/wp-content\/uploads\/2026\/02\/10a4899a-2c35-4004-ad88-c95300e2ef03.jpg 1200w\" sizes=\"(max-width: 768px) 100vw, 768px\" \/><\/figure>\n<\/div>\n\n\n\n<div style=\"height:50px\" aria-hidden=\"true\" class=\"wp-block-spacer\"><\/div>\n\n\n\n<h5 class=\"wp-block-heading\" style=\"letter-spacing:5px\"><strong>Championnat d\u00e9partemental de CROSS \u00e0 TARNOS<\/strong><\/h5>\n\n\n\n<div class=\"wp-block-group is-layout-grid wp-container-core-group-is-layout-29b3cd7c wp-block-group-is-layout-grid\">\n<p class=\"wp-container-content-7f2f07fa\" style=\"padding-top:var(--wp--preset--spacing--10);padding-right:var(--wp--preset--spacing--10);padding-bottom:var(--wp--preset--spacing--10);padding-left:var(--wp--preset--spacing--10)\">Notre \u00e9quipe de cross en grande forme.<br>EAF: LYA MALBE 4&rsquo;25\u00a0\u00bb au 900m vitesse 12.30Kmh, EAM: ROBIN ROUSSARIE 4&rsquo;08 vitesse 13.20 Kmh \ud83d\udc4f\ud83d\udc4f\ud83d\udc4f\ud83d\udc4f<br>U14 F: SANDRA DESCAYRAC les 2740m en 13&rsquo;12\u00a0\u00bb vitesse 12.50kmh U14M: SOHAN MALBE 12&rsquo;03\u00a0\u00bb vitesse 14 Kmh, ces 2 benjamins se qualifient pour les 1\/4 de finale \u00e0 Pau Bizanos \ud83d\udc4f\ud83d\udc4f\ud83d\udc4f\ud83d\udc4f<br>U16 M: MAXIME RATTON 3900 m en 20&rsquo;43\u00a0\u00bb vitesse 11.30 Kmh qualifi\u00e9 pour les 1\/4 de finale \ud83d\udc4f\ud83d\udc4f\ud83d\udc4f\ud83d\udc4f<br>U18 F: LOUANE MERCIER sur le podium 3\u00e8me et avale les 4330 m en 17&rsquo;06\u00a0\u00bb vitesse 15.50 Kmh, se qualifie pour les 1\/4 de finale.\ud83d\udc4f\ud83d\udc4f\ud83d\udc4f\ud83d\udc4f\ud83d\udc4f<br>U20 M: HUGO BARROUILHET les 6190 m en 24&rsquo;45\u00a0\u00bb vitesse 15.20kmh, se qualifie pour les 1\/4 de finale MASTERS<br>Podium et 2\u00e8me place pour GUILLAUME ROUSSARIE, 8750m en 38&rsquo;43\u00a0\u00bb vitesse 13.60 Kmh qualifi\u00e9 pour les 1\/4 finale<br>MATHIEU LE COZ 42&rsquo;36 vitesse 12.40 Kmh qualifi\u00e9 pour les 1\/4 Finale<br>VINCENT MALBE 42&rsquo;35\u00a0\u00bb vitesse 12.40 Kmh<br>Le Pr\u00e9sident d\u00e9marre l&rsquo;ann\u00e9e en trombe 4340 m en 24&rsquo;27\u00a0\u00bb vitesse 11.50 Kmh, qualifi\u00e9 pour les 1\/4 de finale\ud83d\udc4f\ud83d\udc4f\ud83d\udc4f\ud83d\udc4f<\/p>\n<\/div>\n\n\n\n<div style=\"height:50px\" aria-hidden=\"true\" class=\"wp-block-spacer\"><\/div>\n\n\n\n<h5 class=\"wp-block-heading\" style=\"letter-spacing:5px\"><strong><a href=\"https:\/\/parentissportathle.fr\/wp-content\/uploads\/2026\/01\/LANCERS-LONG-CENON.pdf\">Lancers longs CENON 10 janvier 2026<\/a><\/strong><\/h5>\n\n\n\n<div class=\"wp-block-group is-layout-grid wp-container-core-group-is-layout-29b3cd7c wp-block-group-is-layout-grid\">\n<figure class=\"wp-block-image size-large wp-container-content-e6ceb429\" style=\"margin-top:var(--wp--preset--spacing--10);margin-right:var(--wp--preset--spacing--10);margin-bottom:var(--wp--preset--spacing--10);margin-left:var(--wp--preset--spacing--10)\"><img loading=\"lazy\" decoding=\"async\" width=\"1024\" height=\"768\" src=\"https:\/\/parentissportathle.fr\/wp-content\/uploads\/2026\/01\/0a163415-77a2-49c3-b51a-d2416525cc41-1024x768.jpg\" alt=\"\" class=\"wp-image-2150\" srcset=\"https:\/\/parentissportathle.fr\/wp-content\/uploads\/2026\/01\/0a163415-77a2-49c3-b51a-d2416525cc41-1024x768.jpg 1024w, https:\/\/parentissportathle.fr\/wp-content\/uploads\/2026\/01\/0a163415-77a2-49c3-b51a-d2416525cc41-300x225.jpg 300w, https:\/\/parentissportathle.fr\/wp-content\/uploads\/2026\/01\/0a163415-77a2-49c3-b51a-d2416525cc41-768x576.jpg 768w, https:\/\/parentissportathle.fr\/wp-content\/uploads\/2026\/01\/0a163415-77a2-49c3-b51a-d2416525cc41.jpg 1280w\" sizes=\"(max-width: 1024px) 100vw, 1024px\" \/><\/figure>\n\n\n\n<p class=\"wp-container-content-af50aedd\" style=\"padding-top:var(--wp--preset--spacing--10);padding-right:var(--wp--preset--spacing--10);padding-bottom:var(--wp--preset--spacing--10);padding-left:var(--wp--preset--spacing--10)\">Confront\u00e9s aux meilleurs lanceurs de Gironde, joli comportement de nos repr\u00e9sentants dans la cat\u00e9gorie junior.<br>DISQUE : ISAAC DELATRE 2\u00e8me 28m34, DORIAN WAGNER 4\u00e8me 25m26<br>MARTEAU : DORIAN WAGNER 2\u00e8me 33m49, ISAAC DELATRE 3\u00e8me 28m57<br>JAVELOT : ISAAC DELATRE 3\u00e8me 23m40<br>Merci \u00e0 Eric pour l&rsquo;accompagnement et la fonction de juge.<br>Bravo les gar\u00e7ons.\ud83d\udc4f\ud83d\udc4f\ud83d\udc4f\ud83d\udc4f\ud83d\udc4f<\/p>\n<\/div>\n\n\n\n<div style=\"height:50px\" aria-hidden=\"true\" class=\"wp-block-spacer\"><\/div>\n\n\n\n<h5 class=\"wp-block-heading\" style=\"letter-spacing:5px\"><strong><a href=\"https:\/\/parentissportathle.fr\/wp-content\/uploads\/2026\/01\/Epreuves-combinees-BORDEAUX.pdf\">Epreuves combin\u00e9es BORDEAUX 10 janvier 2026<\/a><\/strong><\/h5>\n\n\n\n<div class=\"wp-block-group is-layout-grid wp-container-core-group-is-layout-29b3cd7c wp-block-group-is-layout-grid\"><\/div>\n\n\n\n<div style=\"height:50px\" aria-hidden=\"true\" class=\"wp-block-spacer\"><\/div>\n\n\n\n<h5 class=\"wp-block-heading\" style=\"letter-spacing:5px\"><strong>Cross de BEGLES 14 d\u00e9cembre 2025<\/strong><\/h5>\n\n\n\n<div class=\"wp-block-group is-layout-grid wp-container-core-group-is-layout-29b3cd7c wp-block-group-is-layout-grid\">\n<p class=\"wp-container-content-7f2f07fa\" style=\"padding-top:var(--wp--preset--spacing--10);padding-right:var(--wp--preset--spacing--10);padding-bottom:var(--wp--preset--spacing--10);padding-left:var(--wp--preset--spacing--10)\">En Cadette LOUANE MERCIER boucle les 3810m en 16&rsquo;38\u00a0\u00bb \u00e0 la vitesse de 13.80 kmh et prend une belle 12\u00e8me place, OLIVIA MAHE r\u00e9alise 18&rsquo;50\u00a0\u00bb sur la m\u00eame distance \u00e0 la vitesse de 12.20 kmh.<br>Belle course les filles !<br>En Junior HUGO BARROUILHET reste dans ses standards et boucle les 5020 m en 18&rsquo;35\u00a0\u00bb \u00e0 la vitesse de 16.25 kmh, bravo Hugo !<br>En Master JULIEN CAROCO avale les 8990M en 37&rsquo;45\u00a0\u00bb \u00e0 la vitesse de 14.30 kmh et son coll\u00e8gue MATHIEU LE COZ 42&rsquo;18\u00a0\u00bb vitesse 12.80 kmh.<br>Magnifique comportement de ces 5 athl\u00e8tes qui ont fait honneur au maillot\ud83d\udc4f\ud83d\udc4f\ud83d\udc4f\ud83d\udc4f\ud83d\udc4f<\/p>\n<\/div>\n\n\n\n<div style=\"height:50px\" aria-hidden=\"true\" class=\"wp-block-spacer\"><\/div>\n\n\n\n<h5 class=\"wp-block-heading\" style=\"letter-spacing:5px\"><strong>D\u00e9partemental lancers longs MONT de MARSAN 14 d\u00e9cembre 2025<\/strong><\/h5>\n\n\n\n<div class=\"wp-block-group is-layout-grid wp-container-core-group-is-layout-29b3cd7c wp-block-group-is-layout-grid\">\n<figure class=\"wp-block-image size-medium wp-container-content-e6ceb429\" style=\"margin-top:var(--wp--preset--spacing--10);margin-right:var(--wp--preset--spacing--10);margin-bottom:var(--wp--preset--spacing--10);margin-left:var(--wp--preset--spacing--10)\"><img loading=\"lazy\" decoding=\"async\" width=\"300\" height=\"300\" src=\"https:\/\/parentissportathle.fr\/wp-content\/uploads\/2024\/08\/Logo-Parentis-Sport-Athletisme-1443x1443-1-300x300.png\" alt=\"\" class=\"wp-image-316\" srcset=\"https:\/\/parentissportathle.fr\/wp-content\/uploads\/2024\/08\/Logo-Parentis-Sport-Athletisme-1443x1443-1-300x300.png 300w, https:\/\/parentissportathle.fr\/wp-content\/uploads\/2024\/08\/Logo-Parentis-Sport-Athletisme-1443x1443-1-1024x1024.png 1024w, https:\/\/parentissportathle.fr\/wp-content\/uploads\/2024\/08\/Logo-Parentis-Sport-Athletisme-1443x1443-1-150x150.png 150w, https:\/\/parentissportathle.fr\/wp-content\/uploads\/2024\/08\/Logo-Parentis-Sport-Athletisme-1443x1443-1-768x768.png 768w, https:\/\/parentissportathle.fr\/wp-content\/uploads\/2024\/08\/Logo-Parentis-Sport-Athletisme-1443x1443-1.png 1443w\" sizes=\"(max-width: 300px) 100vw, 300px\" \/><\/figure>\n\n\n\n<p class=\"wp-container-content-af50aedd\" style=\"padding-top:var(--wp--preset--spacing--10);padding-right:var(--wp--preset--spacing--10);padding-bottom:var(--wp--preset--spacing--10);padding-left:var(--wp--preset--spacing--10)\">ISAAC DELATRE triple champion des Landes en Junior 1er javelot 25m79, 1er disque 28m11, 1er marteau 28m76 , 2\u00e8me poids 10m29 Apr\u00e8s ta journ\u00e9e de samedi au stadium bravo \u00e0 toi Isaac\ud83d\udc4f\ud83d\udc4f\ud83d\udc4f\ud83d\udc4f\ud83d\udc4f <br>JORDAN OULD SADOUN en minime am\u00e9liore ses records personnels et continue sa progression 21m98 au javelot, 19m34 au disque, 7m28 au poids<br>Rendez-vous au mois de mai Jordan\ud83d\udc4f\ud83d\udc4f\ud83d\udc4f\ud83d\udc4f\ud83d\udc4f<\/p>\n<\/div>\n\n\n\n<div style=\"height:50px\" aria-hidden=\"true\" class=\"wp-block-spacer\"><\/div>\n\n\n\n<h5 class=\"wp-block-heading\" style=\"letter-spacing:5px\"><strong>Interd\u00e9partementaux STADIUM de BORDEAUX 13 d\u00e9cembre 2025<\/strong><\/h5>\n\n\n\n<div class=\"wp-block-group is-layout-grid wp-container-core-group-is-layout-29b3cd7c wp-block-group-is-layout-grid\">\n<figure class=\"wp-block-image size-large wp-container-content-e6ceb429\" style=\"margin-top:var(--wp--preset--spacing--10);margin-right:var(--wp--preset--spacing--10);margin-bottom:var(--wp--preset--spacing--10);margin-left:var(--wp--preset--spacing--10)\"><img loading=\"lazy\" decoding=\"async\" width=\"576\" height=\"1024\" src=\"https:\/\/parentissportathle.fr\/wp-content\/uploads\/2025\/12\/6-576x1024.jpg\" alt=\"\" class=\"wp-image-2136\" srcset=\"https:\/\/parentissportathle.fr\/wp-content\/uploads\/2025\/12\/6-576x1024.jpg 576w, https:\/\/parentissportathle.fr\/wp-content\/uploads\/2025\/12\/6-169x300.jpg 169w, https:\/\/parentissportathle.fr\/wp-content\/uploads\/2025\/12\/6-768x1365.jpg 768w, https:\/\/parentissportathle.fr\/wp-content\/uploads\/2025\/12\/6-864x1536.jpg 864w, https:\/\/parentissportathle.fr\/wp-content\/uploads\/2025\/12\/6.jpg 900w\" sizes=\"(max-width: 576px) 100vw, 576px\" \/><\/figure>\n\n\n\n<p class=\"wp-container-content-af50aedd\" style=\"padding-top:var(--wp--preset--spacing--10);padding-right:var(--wp--preset--spacing--10);padding-bottom:var(--wp--preset--spacing--10);padding-left:var(--wp--preset--spacing--10)\">Tout d&rsquo;abord HONNEUR aux CHAMPIONS(ES) des LANDES;<br><br>En CADETTE : BELLA CAVALIER 1\u00e8re longueur 4m76, 1\u00e8re 60m haies 9&Prime;66, 2\u00e8me hauteur 1m40<br><br>En ESPOIR : 200m 1er LIAM DELATRE 25&Prime;14, 7&Prime;78 au 60m<br><br>En CADET : pour 1centi\u00e8me MATHEO LACOSTE 1er sur 60m haies 9&Prime;01 RP, hauteur 2\u00e8me 1m68<br><br>LES PODIUMS : triple saut Cadette 3\u00e8me CIRCE GAUDRY 9m05, 60m 9&Prime;37, Poids Junior 2\u00e8me ISAAC DELATRE 10m26, 200m Cadet 3\u00e8me YON DULAC 25&Prime;36, 60m 7&Prime;81.<br>F\u00e9licitations \u00e0 MAELYS GSEGNER 9&Prime;35 au 60m et 31&Prime;40 au 200m, ETHAN NAZORGUES 7&Prime;96 au 60m et 26&Prime;40 au 200m (belle premi\u00e8re en salle pour ces jeunes athl\u00e8tes), Milane AMRANI LORET Cadette longueur 3m31, Poids 7m08 3\u00e8me 60m 9&Prime;61<br><br>4 TITRES de CHAMPIONS ET 6 PODIUMS pas mal pour f\u00eater le LABEL DE BRONZE DE NOTRE CLUB<br><\/p>\n<\/div>\n\n\n\n<div style=\"height:50px\" aria-hidden=\"true\" class=\"wp-block-spacer\"><\/div>\n\n\n\n<h5 class=\"wp-block-heading\" style=\"letter-spacing:5px\"><strong><a href=\"https:\/\/parentissportathle.fr\/wp-content\/uploads\/2025\/12\/CROSS-MONT-DE-MARSAN-20251207.pdf\">Cross de MONT DE MARSAN le 7 d\u00e9cembre 2025<\/a><\/strong><\/h5>\n\n\n\n<div class=\"wp-block-group is-layout-grid wp-container-core-group-is-layout-29b3cd7c wp-block-group-is-layout-grid\">\n<p class=\"wp-container-content-af50aedd\" style=\"padding-top:var(--wp--preset--spacing--10);padding-right:var(--wp--preset--spacing--10);padding-bottom:var(--wp--preset--spacing--10);padding-left:var(--wp--preset--spacing--10)\">Sur un parcours toujours aussi exigeant nos athl\u00e8tes ont encore confirm\u00e9 leur progression. EN U10 f\u00e9minin LYA MALBE avale les 940m \u00e0 la vitesse de 13.01 kmh. C&rsquo;est super Lya. Pour les U12 f\u00e9minin VITTORIA MALLNAR les 1220m en 5&rsquo;58\u00a0\u00bb vitesse 12.20 kmh, CONSTANCE MAINGUY 6&rsquo;15\u00a0\u00bb vitesse 11.50 kmh, beau progr\u00e8s. En U14 f\u00e9minin Sandra DESCAYRAC les 2760m en 13&rsquo;07\u00a0\u00bb vitesse 12.62 kmh se classe 6\u00e8me, c&rsquo;est bien Sandra. En U14 MASCULIN SOHAN MALBE continue sa progression les 2760m en 12&rsquo;32\u00a0\u00bb vitesse 13.30 kmh se classe 6\u00e8me. En U18 f\u00e9minin beau comportement d&rsquo;ELINA MALBE les 4760 m en 20&rsquo;43\u00a0\u00bb vitesse 13.80 kmh, MAELYS GSEGNER 22&rsquo;08\u00a0\u00bb VITESSE 12.80 kmh, c&rsquo;est tr\u00e8s bien Maelys. U18 MASCULIN f\u00e9licitations \u00e0 SOHAN SARTORI en gros progr\u00e8s qui boucle les 4760m en 22&rsquo;42\u00a0\u00bb \u00e0 la vitesse de 12.60 kmh. MASTER f\u00e9minin le bel exemple, EMILIE MALBE 6760m en 46&rsquo;15\u00a0\u00bb vitesse 8.80 kmh.<br>Bravo \u00e0 tous\ud83d\udc4f\ud83d\udc4f\ud83d\udc4f\ud83d\udc4f\ud83d\udc4f\ud83d\udc4f\ud83d\udc4f\ud83d\udc4f<\/p>\n\n\n\n<figure class=\"wp-block-image size-large wp-container-content-e6ceb429\" style=\"margin-top:var(--wp--preset--spacing--30);margin-right:0;margin-bottom:var(--wp--preset--spacing--30);margin-left:0\"><img loading=\"lazy\" decoding=\"async\" width=\"1024\" height=\"461\" src=\"https:\/\/parentissportathle.fr\/wp-content\/uploads\/2025\/12\/1-3-1024x461.jpg\" alt=\"\" class=\"wp-image-2128\" srcset=\"https:\/\/parentissportathle.fr\/wp-content\/uploads\/2025\/12\/1-3-1024x461.jpg 1024w, https:\/\/parentissportathle.fr\/wp-content\/uploads\/2025\/12\/1-3-300x135.jpg 300w, https:\/\/parentissportathle.fr\/wp-content\/uploads\/2025\/12\/1-3-768x346.jpg 768w, https:\/\/parentissportathle.fr\/wp-content\/uploads\/2025\/12\/1-3-1536x691.jpg 1536w, https:\/\/parentissportathle.fr\/wp-content\/uploads\/2025\/12\/1-3.jpg 2040w\" sizes=\"(max-width: 1024px) 100vw, 1024px\" \/><\/figure>\n<\/div>\n\n\n\n<div style=\"height:50px\" aria-hidden=\"true\" class=\"wp-block-spacer\"><\/div>\n\n\n\n<h5 class=\"wp-block-heading\" style=\"padding-top:var(--wp--preset--spacing--10);padding-right:var(--wp--preset--spacing--10);padding-bottom:var(--wp--preset--spacing--10);padding-left:var(--wp--preset--spacing--10);letter-spacing:5px\"><strong><a href=\"https:\/\/parentissportathle.fr\/wp-content\/uploads\/2025\/12\/MEETING-SALLE-BORDEAUX-06-decembre-2025.pdf\">MEETING SALLE BORDEAUX 06 d\u00e9cembre 2025<\/a><\/strong><\/h5>\n\n\n\n<div class=\"wp-block-group is-layout-grid wp-container-core-group-is-layout-29b3cd7c wp-block-group-is-layout-grid\">\n<figure class=\"wp-block-image size-large wp-container-content-e6ceb429\"><img loading=\"lazy\" decoding=\"async\" width=\"768\" height=\"1024\" src=\"https:\/\/parentissportathle.fr\/wp-content\/uploads\/2025\/12\/1-1-768x1024.jpg\" alt=\"\" class=\"wp-image-2116\" srcset=\"https:\/\/parentissportathle.fr\/wp-content\/uploads\/2025\/12\/1-1-768x1024.jpg 768w, https:\/\/parentissportathle.fr\/wp-content\/uploads\/2025\/12\/1-1-225x300.jpg 225w, https:\/\/parentissportathle.fr\/wp-content\/uploads\/2025\/12\/1-1-1152x1536.jpg 1152w, https:\/\/parentissportathle.fr\/wp-content\/uploads\/2025\/12\/1-1.jpg 1200w\" sizes=\"(max-width: 768px) 100vw, 768px\" \/><\/figure>\n\n\n\n<p class=\"wp-container-content-af50aedd\" style=\"padding-top:var(--wp--preset--spacing--10);padding-right:var(--wp--preset--spacing--10);padding-bottom:var(--wp--preset--spacing--10);padding-left:var(--wp--preset--spacing--10)\">Cinq jeunes athl\u00e8tes repr\u00e9sentaient notre club \u00e0 cette comp\u00e9tition o\u00f9 tous les meilleurs minimes de Gironde \u00e9taient pr\u00e9sents.<br><br>Comp\u00e9tition tr\u00e8s relev\u00e9e o\u00f9 nos repr\u00e9sentants ont fait honneur au maillot.<br><br>Sept RECORDS PERSONNELS AMELIORES. Tr\u00e8s encourageant pour le mois de juin prochain\ud83d\udc4f\ud83d\udc4f\ud83d\udc4f.<br><br><strong>Faustine Demarcq<\/strong> &#8211; longueur : 3m89 RP, 50m : 7&Prime;72 RP<br><strong>Louise Fourcade<\/strong> &#8211; longueur : 3m43 RP, 50m : 8&Prime;45 RP<br><strong>Anna Sartre<\/strong> &#8211; 50m : 7&Prime;28 RP, longueur : 4m20<br><strong>Lilly Daffe<\/strong> &#8211; hauteur :1m40, 50m : 7&Prime;21<br><strong>Jordan Ould Sadoun<\/strong> &#8211; poids : 8m01 RP, 1000m : 3&rsquo;16&Prime;31 RP<br><br>BRAVO LES JEUNES<\/p>\n<\/div>\n\n\n\n<div style=\"height:50px\" aria-hidden=\"true\" class=\"wp-block-spacer\"><\/div>\n\n\n\n<h5 class=\"wp-block-heading\" style=\"letter-spacing:5px\"><strong><a href=\"https:\/\/parentissportathle.fr\/wp-content\/uploads\/2025\/12\/Cross-GUJAN-2025.pdf\">Cross de GUJAN le 30 novembre 2025<\/a><\/strong><\/h5>\n\n\n\n<div class=\"wp-block-group is-layout-grid wp-container-core-group-is-layout-29b3cd7c wp-block-group-is-layout-grid\">\n<p class=\"wp-container-content-af50aedd\" style=\"padding-top:var(--wp--preset--spacing--10);padding-right:var(--wp--preset--spacing--10);padding-bottom:var(--wp--preset--spacing--10);padding-left:var(--wp--preset--spacing--10)\">Un temps cl\u00e9ment pour une belle organisation de nos amis de l&rsquo;UAGM.<br>3,9 KM MASTER : Pierre-Olivier WARNET en bon pr\u00e9sident montre l&rsquo;exemple et se classe 10\u00e8me en M5, C\u00e9dric CAVALIER 23\u00e8me en M3, Emilie MALBE 5\u00e8me en M1\ud83d\udc4f\ud83d\udc4f\ud83d\udc4f\ud83d\udc4f<br>7,7 km MASTER : Vincent Malbe 12\u00e8me M1 \ud83d\udc4f\ud83d\udc4f\ud83d\udc4f\ud83d\udc4f<br><br>Tous les r\u00e9sultats dans le tableau accessible par le lien ci-dessus.<\/p>\n\n\n\n<figure class=\"wp-block-image size-large wp-container-content-e6ceb429\" style=\"margin-top:var(--wp--preset--spacing--10);margin-right:var(--wp--preset--spacing--10);margin-bottom:var(--wp--preset--spacing--10);margin-left:var(--wp--preset--spacing--10)\"><img loading=\"lazy\" decoding=\"async\" width=\"1024\" height=\"768\" src=\"https:\/\/parentissportathle.fr\/wp-content\/uploads\/2025\/12\/1-1024x768.jpg\" alt=\"\" class=\"wp-image-2111\" srcset=\"https:\/\/parentissportathle.fr\/wp-content\/uploads\/2025\/12\/1-1024x768.jpg 1024w, https:\/\/parentissportathle.fr\/wp-content\/uploads\/2025\/12\/1-300x225.jpg 300w, https:\/\/parentissportathle.fr\/wp-content\/uploads\/2025\/12\/1-768x576.jpg 768w, https:\/\/parentissportathle.fr\/wp-content\/uploads\/2025\/12\/1-1536x1152.jpg 1536w, https:\/\/parentissportathle.fr\/wp-content\/uploads\/2025\/12\/1.jpg 1600w\" sizes=\"(max-width: 1024px) 100vw, 1024px\" \/><\/figure>\n<\/div>\n\n\n\n<div style=\"height:50px\" aria-hidden=\"true\" class=\"wp-block-spacer\"><\/div>\n\n\n\n<h5 class=\"wp-block-heading\" style=\"letter-spacing:5px\"><strong><a href=\"https:\/\/parentissportathle.fr\/wp-content\/uploads\/2025\/11\/Epreuves-combinees-Stadium-BORDEAUX.pdf\" target=\"_blank\" rel=\"noreferrer noopener\">EPREUVES COMBINEES STADIUM DE BORDEAUX<\/a><\/strong><\/h5>\n\n\n\n<div class=\"wp-block-group is-layout-grid wp-container-core-group-is-layout-29b3cd7c wp-block-group-is-layout-grid\">\n<figure class=\"wp-block-image size-large wp-container-content-e6ceb429\" style=\"margin-top:var(--wp--preset--spacing--10);margin-right:var(--wp--preset--spacing--10);margin-bottom:var(--wp--preset--spacing--10);margin-left:var(--wp--preset--spacing--10)\"><img loading=\"lazy\" decoding=\"async\" width=\"768\" height=\"1024\" src=\"https:\/\/parentissportathle.fr\/wp-content\/uploads\/2025\/11\/6-768x1024.jpg\" alt=\"\" class=\"wp-image-2095\" srcset=\"https:\/\/parentissportathle.fr\/wp-content\/uploads\/2025\/11\/6-768x1024.jpg 768w, https:\/\/parentissportathle.fr\/wp-content\/uploads\/2025\/11\/6-225x300.jpg 225w, https:\/\/parentissportathle.fr\/wp-content\/uploads\/2025\/11\/6-1152x1536.jpg 1152w, https:\/\/parentissportathle.fr\/wp-content\/uploads\/2025\/11\/6.jpg 1200w\" sizes=\"(max-width: 768px) 100vw, 768px\" \/><\/figure>\n\n\n\n<p class=\"wp-container-content-af50aedd\" style=\"padding-top:var(--wp--preset--spacing--10);padding-right:var(--wp--preset--spacing--10);padding-bottom:var(--wp--preset--spacing--10);padding-left:var(--wp--preset--spacing--10)\">MINIME FILLE : LILLY DAFFE termine 4\u00e8me du pentathlon avec 2325 points en ratant sa longueur, discipline o\u00f9 en restant dans ses standards moyens elle aurait termin\u00e9 premi\u00e8re. Cette performance n\u00e9anmoins la qualifie pour les r\u00e9gionaux de Limoges. Lilly se classe \u00e9galement 3\u00e8me du Triathlon avec 102 points.<br>CADET MASCULIN : Apr\u00e8s 2 \u00e9preuves prometteuses (7&Prime;99\/ 60m 10m10 poids) MATHEO LACOSTE se blesse a la cheville suite a une mauvaise r\u00e9ception a la longueur. ce n&rsquo;est que partie remise Math\u00e9o. Ces 2 jeunes Athl\u00e8tes et nos 2 juges ont fait la d\u00e9monstration de ce qu&rsquo;\u00e9tait l&rsquo;ESPRIT SPORTIF<br>CADETTE : Belle performance de BELLA CAVALIER qui termine 3\u00e8me avec un total de 2628 points ce qui la qualifie pour les r\u00e9gionaux de Limoges. Ses performances : 60h : 9&Prime;36, poids : 7m97, H : 1m44, longueur : 4m55, 800m : 2&rsquo;52&Prime;21<br>Bravo \u00e0 tous\ud83d\udc4f\ud83d\udc4f\ud83d\udc4f\ud83d\udc4f\ud83d\udc4f<\/p>\n<\/div>\n\n\n\n<div style=\"height:50px\" aria-hidden=\"true\" class=\"wp-block-spacer\"><\/div>\n\n\n\n<h5 class=\"wp-block-heading\" style=\"letter-spacing:5px\"><strong><a href=\"https:\/\/parentissportathle.fr\/wp-content\/uploads\/2025\/11\/RESULTAT-5-KM-DE-MACAU.pdf\">5 km de MACAU 15 novembre<\/a><\/strong><\/h5>\n\n\n\n<div class=\"wp-block-group is-layout-grid wp-container-core-group-is-layout-29b3cd7c wp-block-group-is-layout-grid\">\n<p class=\"wp-container-content-af50aedd\" style=\"padding-top:var(--wp--preset--spacing--10);padding-right:var(--wp--preset--spacing--10);padding-bottom:var(--wp--preset--spacing--10);padding-left:var(--wp--preset--spacing--10)\"><strong>OLIVIA <\/strong>en forme :<strong> 22&rsquo;29\u00a0\u00bb &#8211; 6\u00e9me CADETTE<\/strong><\/p>\n\n\n\n<figure class=\"wp-block-image size-large wp-container-content-e6ceb429\" style=\"margin-top:var(--wp--preset--spacing--10);margin-right:var(--wp--preset--spacing--10);margin-bottom:var(--wp--preset--spacing--10);margin-left:var(--wp--preset--spacing--10)\"><img loading=\"lazy\" decoding=\"async\" width=\"768\" height=\"1024\" src=\"https:\/\/parentissportathle.fr\/wp-content\/uploads\/2025\/11\/Olivia-3-768x1024.jpg\" alt=\"\" class=\"wp-image-2094\" srcset=\"https:\/\/parentissportathle.fr\/wp-content\/uploads\/2025\/11\/Olivia-3-768x1025.jpg 768w, https:\/\/parentissportathle.fr\/wp-content\/uploads\/2025\/11\/Olivia-3-225x300.jpg 225w, https:\/\/parentissportathle.fr\/wp-content\/uploads\/2025\/11\/Olivia-3.jpg 856w\" sizes=\"(max-width: 768px) 100vw, 768px\" \/><\/figure>\n<\/div>\n\n\n\n<div style=\"height:50px\" aria-hidden=\"true\" class=\"wp-block-spacer\"><\/div>\n\n\n\n<h5 class=\"wp-block-heading\" style=\"letter-spacing:5px\"><strong><a href=\"https:\/\/parentissportathle.fr\/wp-content\/uploads\/2025\/11\/Cross-de-DAX-16-novembre-2025.pdf\">Cross de DAX le 16 novembre 2025<\/a><\/strong><\/h5>\n\n\n\n<div class=\"wp-block-group is-layout-grid wp-container-core-group-is-layout-29b3cd7c wp-block-group-is-layout-grid\">\n<p class=\"wp-container-content-af50aedd\" style=\"padding-top:var(--wp--preset--spacing--10);padding-right:var(--wp--preset--spacing--10);padding-bottom:var(--wp--preset--spacing--10);padding-left:var(--wp--preset--spacing--10)\">Premi\u00e8re sortie officielle en cross FFA pour le groupe Running. Notre club \u00e9tait repr\u00e9sent\u00e9 chez les masculins par : JULIEN CAROCO, MATHIEU LE COZ,  CEDRIC CAVALIER et VINCENT MALBE. Julien boucle les 8150m \u00e0 la vitesse de 13.95kmh, Vincent \u00e0 la vitesse de 12,40 kmh, Mathieu vitesse 12,10 kmh, C\u00e9dric vitesse 11,60kmh. Cette belle \u00e9quipe se classe 4\u00e9me des Landes. Bravo les gars\ud83d\udc4f\ud83d\udc4f\ud83d\udc4f\ud83d\udc4f\ud83d\udc4f\ud83d\udc4f\ud83d\udc4f<br>En F\u00e9minine le groupe Running \u00e9tait repr\u00e9sent\u00e9 par LEA CAROCO et EMILIE MALBE. LEA boucle les 6205m en 35&prime;.8&Prime; \u00e0 la vitesse de 10,60 kmh et EMILIE en 39&rsquo;05\u00a0\u00bb \u00e0 la vitesse de 9,60 kmh. Tr\u00e8s bon d\u00e9but de nos f\u00e9minines qui ont fait honneur au maillot. Bravissimo<br>Un temps cl\u00e9ment pour l&rsquo;ouverture de la saison des cross. Chez les <strong>U10<\/strong> belle course de nos jeunes LYA MALBE, OONA BERNARD, CHARLIE DATTAS \ud83d\udc4f\ud83d\udc4f\ud83d\udc4f\ud83d\udc4f\ud83d\udc4f EN <strong>U12<\/strong> belle course d&rsquo;\u00e9quipe, VITTOTIA MALLNAR boucle les 1150m \u00e0 la vitesse de 12,40 kmh, CONSTANCE MAINGUY, LILLY HUARD en 11,40 kmh\ud83d\udc4f\ud83d\udc4f\ud83d\udc4f\ud83d\udc4f\ud83d\udc4f Chez les <strong>U14<\/strong> SOHAN MALBE en belle progression avale les 2690m \u00e0 la vitesse de 13,85 kmh, SANDRA DESCAYRAC 13,45 kmh, MARGAUX CAROCO 11,80 kmh. Chez les <strong>U16<\/strong> JORDAN OULD SADOUN en forte progression boucle les 3440m \u00e0 la vitesse de 14,20 kmh, MAXIME RATTON belle progression 12,40 kmh, JULIETTE LE COZ 10,60 kmh.\ud83d\udc4f\ud83d\udc4f\ud83d\udc4f\ud83d\udc4f\ud83d\udc4f En <strong>U18<\/strong> LOUANE MERCIER dans ses standards les 3440m \u00e0 la vitesse de 13,20 kmh, MAELYS GSEGNER pour sa premi\u00e8re 9,20 kmh, ELINA MALBE en phase de reprise 10,80 kmh.\ud83d\udc4f\ud83d\udc4f\ud83d\udc4f\ud83d\udc4f\ud83d\udc4f En <strong>U20<\/strong> pour son retour HUGO BARROUILHET d\u00e9vore les 5010m \u00e0 la vitesse de 15,60 kmh avec un ratio au kilom\u00e8tre de 3&rsquo;30\u00a0\u00bb. Pas mal du tout, bravo Hugo.\ud83d\udc4f\ud83d\udc4f\ud83d\udc4f\ud83d\udc4f\ud83d\udc4f<\/p>\n\n\n\n<figure class=\"wp-block-gallery has-nested-images columns-default is-cropped wp-block-gallery-1 wp-container-content-e6ceb429 is-layout-flex wp-block-gallery-is-layout-flex\">\n<figure class=\"wp-block-image size-large\"><img loading=\"lazy\" decoding=\"async\" width=\"1024\" height=\"768\" data-id=\"2065\" src=\"https:\/\/parentissportathle.fr\/wp-content\/uploads\/2025\/11\/1-1-1024x768.jpeg\" alt=\"\" class=\"wp-image-2065\" srcset=\"https:\/\/parentissportathle.fr\/wp-content\/uploads\/2025\/11\/1-1-1024x768.jpeg 1024w, https:\/\/parentissportathle.fr\/wp-content\/uploads\/2025\/11\/1-1-300x225.jpeg 300w, https:\/\/parentissportathle.fr\/wp-content\/uploads\/2025\/11\/1-1-768x576.jpeg 768w, https:\/\/parentissportathle.fr\/wp-content\/uploads\/2025\/11\/1-1-1536x1152.jpeg 1536w, https:\/\/parentissportathle.fr\/wp-content\/uploads\/2025\/11\/1-1.jpeg 2048w\" sizes=\"(max-width: 1024px) 100vw, 1024px\" \/><\/figure>\n\n\n\n<figure class=\"wp-block-image size-large\"><img loading=\"lazy\" decoding=\"async\" width=\"1024\" height=\"768\" data-id=\"2066\" src=\"https:\/\/parentissportathle.fr\/wp-content\/uploads\/2025\/11\/2-1-1024x768.jpeg\" alt=\"\" class=\"wp-image-2066\" srcset=\"https:\/\/parentissportathle.fr\/wp-content\/uploads\/2025\/11\/2-1-1024x768.jpeg 1024w, https:\/\/parentissportathle.fr\/wp-content\/uploads\/2025\/11\/2-1-300x225.jpeg 300w, https:\/\/parentissportathle.fr\/wp-content\/uploads\/2025\/11\/2-1-768x576.jpeg 768w, https:\/\/parentissportathle.fr\/wp-content\/uploads\/2025\/11\/2-1-1536x1152.jpeg 1536w, https:\/\/parentissportathle.fr\/wp-content\/uploads\/2025\/11\/2-1.jpeg 1600w\" sizes=\"(max-width: 1024px) 100vw, 1024px\" \/><\/figure>\n\n\n\n<figure class=\"wp-block-image size-large\"><img loading=\"lazy\" decoding=\"async\" width=\"768\" height=\"1024\" data-id=\"2067\" src=\"https:\/\/parentissportathle.fr\/wp-content\/uploads\/2025\/11\/3-1-768x1024.jpeg\" alt=\"\" class=\"wp-image-2067\" srcset=\"https:\/\/parentissportathle.fr\/wp-content\/uploads\/2025\/11\/3-1-768x1024.jpeg 768w, https:\/\/parentissportathle.fr\/wp-content\/uploads\/2025\/11\/3-1-225x300.jpeg 225w, https:\/\/parentissportathle.fr\/wp-content\/uploads\/2025\/11\/3-1-1152x1536.jpeg 1152w, https:\/\/parentissportathle.fr\/wp-content\/uploads\/2025\/11\/3-1.jpeg 1200w\" sizes=\"(max-width: 768px) 100vw, 768px\" \/><\/figure>\n\n\n\n<figure class=\"wp-block-image size-large\"><img loading=\"lazy\" decoding=\"async\" width=\"1024\" height=\"768\" data-id=\"2064\" src=\"https:\/\/parentissportathle.fr\/wp-content\/uploads\/2025\/11\/5-1-1024x768.jpeg\" alt=\"\" class=\"wp-image-2064\" srcset=\"https:\/\/parentissportathle.fr\/wp-content\/uploads\/2025\/11\/5-1-1024x768.jpeg 1024w, https:\/\/parentissportathle.fr\/wp-content\/uploads\/2025\/11\/5-1-300x225.jpeg 300w, https:\/\/parentissportathle.fr\/wp-content\/uploads\/2025\/11\/5-1-768x576.jpeg 768w, https:\/\/parentissportathle.fr\/wp-content\/uploads\/2025\/11\/5-1-1536x1152.jpeg 1536w, https:\/\/parentissportathle.fr\/wp-content\/uploads\/2025\/11\/5-1.jpeg 1600w\" sizes=\"(max-width: 1024px) 100vw, 1024px\" \/><\/figure>\n\n\n\n<figure class=\"wp-block-image size-large\"><img loading=\"lazy\" decoding=\"async\" width=\"1024\" height=\"768\" data-id=\"2069\" src=\"https:\/\/parentissportathle.fr\/wp-content\/uploads\/2025\/11\/7-1-1024x768.jpeg\" alt=\"\" class=\"wp-image-2069\" srcset=\"https:\/\/parentissportathle.fr\/wp-content\/uploads\/2025\/11\/7-1-1024x768.jpeg 1024w, https:\/\/parentissportathle.fr\/wp-content\/uploads\/2025\/11\/7-1-300x225.jpeg 300w, https:\/\/parentissportathle.fr\/wp-content\/uploads\/2025\/11\/7-1-768x576.jpeg 768w, https:\/\/parentissportathle.fr\/wp-content\/uploads\/2025\/11\/7-1-1536x1152.jpeg 1536w, https:\/\/parentissportathle.fr\/wp-content\/uploads\/2025\/11\/7-1-2048x1536.jpeg 2048w\" sizes=\"(max-width: 1024px) 100vw, 1024px\" \/><\/figure>\n\n\n\n<figure class=\"wp-block-image size-large\"><img loading=\"lazy\" decoding=\"async\" width=\"1024\" height=\"768\" data-id=\"2068\" src=\"https:\/\/parentissportathle.fr\/wp-content\/uploads\/2025\/11\/8-1-1024x768.jpeg\" alt=\"\" class=\"wp-image-2068\" srcset=\"https:\/\/parentissportathle.fr\/wp-content\/uploads\/2025\/11\/8-1-1024x768.jpeg 1024w, https:\/\/parentissportathle.fr\/wp-content\/uploads\/2025\/11\/8-1-300x225.jpeg 300w, https:\/\/parentissportathle.fr\/wp-content\/uploads\/2025\/11\/8-1-768x576.jpeg 768w, https:\/\/parentissportathle.fr\/wp-content\/uploads\/2025\/11\/8-1-1536x1152.jpeg 1536w, https:\/\/parentissportathle.fr\/wp-content\/uploads\/2025\/11\/8-1-2048x1536.jpeg 2048w\" sizes=\"(max-width: 1024px) 100vw, 1024px\" \/><\/figure>\n<\/figure>\n<\/div>\n\n\n\n<div style=\"height:50px\" aria-hidden=\"true\" class=\"wp-block-spacer\"><\/div>\n\n\n\n<h5 class=\"wp-block-heading\" style=\"letter-spacing:5px\"><strong><a href=\"https:\/\/parentissportathle.fr\/wp-content\/uploads\/2025\/10\/Quadrathlon-BAZAS.pdf\" target=\"_blank\" rel=\"noreferrer noopener\">Quadrathlon BAZAS le 25 octobre<\/a><\/strong><\/h5>\n\n\n\n<div class=\"wp-block-group is-layout-grid wp-container-core-group-is-layout-29b3cd7c wp-block-group-is-layout-grid\">\n<p class=\"wp-container-content-af50aedd\" style=\"padding-top:var(--wp--preset--spacing--10);padding-right:var(--wp--preset--spacing--10);padding-bottom:var(--wp--preset--spacing--10);padding-left:var(--wp--preset--spacing--10)\">Dans des conditions \u00e9pouvantables avec des trombes d&rsquo;eau nos jeunes athl\u00e8tes ont montr\u00e9 une humeur \u00e9gale \u00e0 leur courage. Ce comportement a apport\u00e9 de bons r\u00e9sultats. 80M minime f\u00e9minin victoire de ANNA SARTRE en 10&Prime;70. ANNA a \u00e9galement r\u00e9alis\u00e9 4m20 en longueur, 3&rsquo;50&Prime;5 au 1000m et 86 points en triathlon. Super ANNA surtout dans ces conditions. 100M cadet masculin victoire de YON DULAC EN 11&Prime;70. 3\u00e8me du quadrathlon, YON r\u00e9alise \u00e9galement 4m57 en longueur, 19m01 au disque, 2&rsquo;28&Prime;40 au 800m. En continuant ainsi tu auras de belles satisfactions cet \u00e9t\u00e9 YON. ETHAN NAZORGUES en progr\u00e8s constants : 12&Prime;20 au 100M cadet, 4m27 en longueur, 12m13 au disque, 2&rsquo;40&Prime;50 au 800m. Pareil que ton coll\u00e8gue, en continuant ainsi de bons r\u00e9sultats en sprint t&rsquo;attendent. En benjamin SOHAN MALBE 3\u00e8me du quadrathlon, 1er des 2014 sur 1000m en 3&rsquo;52&Prime;60 confirme ses gros progr\u00e8s. Maintenant en minime f\u00e9minin mention sp\u00e9ciale \u00e0 LILLY DAFFE qui a confondu la ligne d&rsquo;arriv\u00e9e du 80m et s&rsquo;est arr\u00eat\u00e9e 10m avant \ud83d\ude02\ud83d\ude02 mais gagne la longueur avec 4m57. C&rsquo;\u00e9tait un plaisir pour tous les encadrants de vous coacher, bravo a tous\ud83d\udc4f\ud83d\udc4f\ud83d\udc4f\ud83d\udc4f\ud83d\udc4f\ud83d\udc4f<\/p>\n\n\n\n<figure class=\"wp-block-image size-large wp-container-content-e6ceb429\" style=\"margin-top:var(--wp--preset--spacing--10);margin-right:var(--wp--preset--spacing--10);margin-bottom:var(--wp--preset--spacing--10);margin-left:var(--wp--preset--spacing--10)\"><img loading=\"lazy\" decoding=\"async\" width=\"1024\" height=\"576\" src=\"https:\/\/parentissportathle.fr\/wp-content\/uploads\/2025\/10\/Lecole-du-courage-1024x576.jpeg\" alt=\"\" class=\"wp-image-2035\" srcset=\"https:\/\/parentissportathle.fr\/wp-content\/uploads\/2025\/10\/Lecole-du-courage-1024x576.jpeg 1024w, https:\/\/parentissportathle.fr\/wp-content\/uploads\/2025\/10\/Lecole-du-courage-300x169.jpeg 300w, https:\/\/parentissportathle.fr\/wp-content\/uploads\/2025\/10\/Lecole-du-courage-768x432.jpeg 768w, https:\/\/parentissportathle.fr\/wp-content\/uploads\/2025\/10\/Lecole-du-courage-1536x864.jpeg 1536w, https:\/\/parentissportathle.fr\/wp-content\/uploads\/2025\/10\/Lecole-du-courage.jpeg 1599w\" sizes=\"(max-width: 1024px) 100vw, 1024px\" \/><\/figure>\n<\/div>\n\n\n\n<div style=\"height:50px\" aria-hidden=\"true\" class=\"wp-block-spacer\"><\/div>\n\n\n\n<h5 class=\"wp-block-heading\" style=\"letter-spacing:5px\"><strong><a href=\"https:\/\/parentissportathle.fr\/wp-content\/uploads\/2025\/10\/EQUIP-ATHLE-MONT-DE-MARSAN-12-OCTOBRE-2025-1.pdf\" target=\"_blank\" rel=\"noreferrer noopener\">Equip Athl\u00e9 MONT DE MARSAN le 12 octobre<\/a><\/strong><\/h5>\n\n\n\n<div class=\"wp-block-group is-layout-grid wp-container-core-group-is-layout-29b3cd7c wp-block-group-is-layout-grid\">\n<figure class=\"wp-block-image size-large wp-container-content-e6ceb429\" style=\"margin-top:var(--wp--preset--spacing--10);margin-right:var(--wp--preset--spacing--10);margin-bottom:var(--wp--preset--spacing--10);margin-left:var(--wp--preset--spacing--10)\"><img loading=\"lazy\" decoding=\"async\" width=\"1024\" height=\"768\" src=\"https:\/\/parentissportathle.fr\/wp-content\/uploads\/2025\/10\/Equip-Athle-1024x768.jpg\" alt=\"\" class=\"wp-image-2003\" srcset=\"https:\/\/parentissportathle.fr\/wp-content\/uploads\/2025\/10\/Equip-Athle-1024x768.jpg 1024w, https:\/\/parentissportathle.fr\/wp-content\/uploads\/2025\/10\/Equip-Athle-300x225.jpg 300w, https:\/\/parentissportathle.fr\/wp-content\/uploads\/2025\/10\/Equip-Athle-768x576.jpg 768w, https:\/\/parentissportathle.fr\/wp-content\/uploads\/2025\/10\/Equip-Athle-1536x1152.jpg 1536w, https:\/\/parentissportathle.fr\/wp-content\/uploads\/2025\/10\/Equip-Athle.jpg 1600w\" sizes=\"(max-width: 1024px) 100vw, 1024px\" \/><\/figure>\n\n\n\n<p class=\"wp-container-content-af50aedd\" style=\"padding-top:var(--wp--preset--spacing--10);padding-right:var(--wp--preset--spacing--10);padding-bottom:var(--wp--preset--spacing--10);padding-left:var(--wp--preset--spacing--10)\">Bien que notre jeune \u00e9quipe d\u00e9couvrait la comp\u00e9tition en ce d\u00e9but de saison? une belle ambiance et un excellent comportement de l&rsquo;ensemble de nos jeunes athl\u00e8tes.<br>Bravo a tous ainsi qu&rsquo;a nos juges.\ud83d\udc4f\ud83d\udc4f\ud83d\udc4f\ud83d\udc4f\ud83d\udc4f<\/p>\n<\/div>\n\n\n\n<div style=\"height:50px\" aria-hidden=\"true\" class=\"wp-block-spacer\"><\/div>\n\n\n\n<h5 class=\"wp-block-heading\" style=\"letter-spacing:5px\"><strong>Challenge Alain Giffard (EA &#8211; PO) \u00e0 MORCENX le 11 octobre 2025<\/strong><\/h5>\n\n\n\n<div class=\"wp-block-group is-layout-grid wp-container-core-group-is-layout-29b3cd7c wp-block-group-is-layout-grid\">\n<figure class=\"wp-block-image size-large wp-container-content-e6ceb429\" style=\"margin-top:var(--wp--preset--spacing--10);margin-right:var(--wp--preset--spacing--10);margin-bottom:var(--wp--preset--spacing--10);margin-left:var(--wp--preset--spacing--10)\"><img loading=\"lazy\" decoding=\"async\" width=\"1024\" height=\"680\" src=\"https:\/\/parentissportathle.fr\/wp-content\/uploads\/2025\/10\/Les-EA-PO-au-Challenge-Alain-Giffard-a-MORCENX-1024x680.png\" alt=\"\" class=\"wp-image-1998\" srcset=\"https:\/\/parentissportathle.fr\/wp-content\/uploads\/2025\/10\/Les-EA-PO-au-Challenge-Alain-Giffard-a-MORCENX-1024x680.png 1024w, https:\/\/parentissportathle.fr\/wp-content\/uploads\/2025\/10\/Les-EA-PO-au-Challenge-Alain-Giffard-a-MORCENX-300x199.png 300w, https:\/\/parentissportathle.fr\/wp-content\/uploads\/2025\/10\/Les-EA-PO-au-Challenge-Alain-Giffard-a-MORCENX-768x510.png 768w, https:\/\/parentissportathle.fr\/wp-content\/uploads\/2025\/10\/Les-EA-PO-au-Challenge-Alain-Giffard-a-MORCENX.png 1085w\" sizes=\"(max-width: 1024px) 100vw, 1024px\" \/><\/figure>\n\n\n\n<p class=\"wp-container-content-af50aedd\" style=\"padding-top:var(--wp--preset--spacing--10);padding-right:var(--wp--preset--spacing--10);padding-bottom:var(--wp--preset--spacing--10);padding-left:var(--wp--preset--spacing--10)\">Dans une tr\u00e8s belle ambiance et une belle organisation \u00e0 laquelle de nombreux parents de notre club ont particip\u00e9, nos jeunes de l&rsquo;\u00e9cole d&rsquo;athl\u00e9tisme ont fait honneur au maillot de Parentis et pris du plaisir.<br>Vous trouverez les photos sur le WhatsApp PHOTOS PARENTIS SPORT ATHL\u00c9TISMEphotos.<br> NOS CADETS ont \u00e9galement profit\u00e9 de cette belle ambiance pour effectuer un bon entrainement.<br>Bref une belle journ\u00e9e d&rsquo;athl\u00e9tisme<br>BRAVO A TOUS\ud83d\udc4f\ud83d\udc4f\ud83d\udc4f\ud83d\udc4f\ud83d\udc4f<\/p>\n<\/div>\n\n\n\n<div style=\"height:50px\" aria-hidden=\"true\" class=\"wp-block-spacer\"><\/div>\n\n\n\n<h5 class=\"wp-block-heading\" style=\"letter-spacing:5px\"><strong><a href=\"https:\/\/parentissportathle.fr\/wp-content\/uploads\/2025\/09\/BAZAS-20250927.pdf\">Quadrathlon de BAZAS le 29 septembre 2025<\/a><\/strong><\/h5>\n\n\n\n<div class=\"wp-block-group is-layout-grid wp-container-core-group-is-layout-29b3cd7c wp-block-group-is-layout-grid\">\n<p class=\"wp-container-content-af50aedd\" style=\"padding-top:var(--wp--preset--spacing--10);padding-right:var(--wp--preset--spacing--10);padding-bottom:var(--wp--preset--spacing--10);padding-left:var(--wp--preset--spacing--10)\">19 athl\u00e8tes repr\u00e9sentaient nos couleurs au quadrathlon de Bazas o\u00f9 21 clubs \u00e9taient pr\u00e9sents parmi les meilleurs de la ligue. Tout d&rsquo;abord merci \u00e0 Delphine et Emilie qui ont offici\u00e9 avec \u00c9tienne en tant que juge bien \u00e9paul\u00e9 par notre star Nationale des juges Thierry. Relevons \u00e9galement le tr\u00e8s bon comportement de nos jeunes quasiment exemplaires, \u00e7a fait plaisir d&rsquo;\u00eatre coach avec une telle \u00e9quipe. Les r\u00e9sultats : <br>Sandra Descayrac benjamine 1er ann\u00e9e prend la 2\u00e8me place avec 91 points en triathlon, Lilly Daffe 1\u00e8re en minime avec 100 points en triathlon, Elsa Lemoine pour son premier quadrathlon 3\u00e8me avec 81 points, le retour de Bella Cavalier 1\u00e8re en cadette avec 2120 points au quadrathlon. Matheo Lacoste se remet en route 2\u00e8me en cadet avec 1829 points.<br>Pour les performances individuelles :<br>Cadet masculun YON DULAC 12&Prime; au 100M, ETHAN NAZORGUES 12&Prime;80 en baskets ce qui \u00e9quivaut \u00e0 12&Prime;30 en pointes, de tr\u00e8s bon augure pour le printemps.<br>Minime gar\u00e7on JORDAN OULD SADOUN 11&Prime; AU 80m et 3&rsquo;18&Prime;1 AU 1000m, MAXIME RATTON en gros progr\u00e8s 3&rsquo;56&Prime;8 au 1000m. Chez les Benjamins SOHAN MALBE 3&rsquo;52&Prime;10 1000m, MARGAUX CAROCO 8&Prime;4 AU 50m.<br>Minime fille CHARLOTTE CHARLEUX 12&Prime; au 80m et 4&rsquo;08&Prime;3 au 1000m, SALOME NASTAGARRAS 12&Prime;60 au 80m, JULIETTE LECOZ 14&Prime;1 au 80 m, ELLA WANTE LAGARDE 13&Prime;2 au 80m. Par rapport au m\u00eame quadrathlon de l&rsquo;ann\u00e9e derni\u00e8re de gros progr\u00e8s pour tout le monde \ud83d\udc4f\ud83d\udc4f\ud83d\udc4f\ud83d\udc4f\ud83d\udc4f\ud83d\udc4f\ud83d\udc4f\ud83d\udc4f\ud83d\udc4f\ud83d\udc4f\ud83d\udc4f<\/p>\n\n\n\n<figure class=\"wp-block-image size-large wp-container-content-e6ceb429\" style=\"margin-top:var(--wp--preset--spacing--10);margin-right:var(--wp--preset--spacing--10);margin-bottom:var(--wp--preset--spacing--10);margin-left:var(--wp--preset--spacing--10)\"><img loading=\"lazy\" decoding=\"async\" width=\"1024\" height=\"768\" src=\"https:\/\/parentissportathle.fr\/wp-content\/uploads\/2025\/09\/Groupe-Bazas-1-1024x768.jpeg\" alt=\"\" class=\"wp-image-1987\" srcset=\"https:\/\/parentissportathle.fr\/wp-content\/uploads\/2025\/09\/Groupe-Bazas-1-1024x768.jpeg 1024w, https:\/\/parentissportathle.fr\/wp-content\/uploads\/2025\/09\/Groupe-Bazas-1-300x225.jpeg 300w, https:\/\/parentissportathle.fr\/wp-content\/uploads\/2025\/09\/Groupe-Bazas-1-768x576.jpeg 768w, https:\/\/parentissportathle.fr\/wp-content\/uploads\/2025\/09\/Groupe-Bazas-1-1536x1152.jpeg 1536w, https:\/\/parentissportathle.fr\/wp-content\/uploads\/2025\/09\/Groupe-Bazas-1.jpeg 1600w\" sizes=\"(max-width: 1024px) 100vw, 1024px\" \/><\/figure>\n<\/div>\n\n\n\n<div style=\"height:50px\" aria-hidden=\"true\" class=\"wp-block-spacer\"><\/div>\n\n\n\n<p><\/p>\n","protected":false},"excerpt":{"rendered":"<p>Cliquez ici pour les r\u00e9sultats 2024 \/ 2025 R\u00e9sultats des sorties de la saison 2025 \/ 2026 Marathon et semi-marathon d&rsquo;Arcachon le 29 mars 700 PARTICIPANTS pour le MARATHON sont venus affronter un vent violent et un d\u00e9nivel\u00e9 positif de 170m. GUILLAUME ROUSSARIE boucle son marathon en 3h30 et se classe 22\u00e8me en M1, il [&hellip;]<\/p>\n","protected":false},"author":1,"featured_media":0,"parent":0,"menu_order":0,"comment_status":"closed","ping_status":"closed","template":"","meta":{"footnotes":""},"class_list":["post-785","page","type-page","status-publish","hentry"],"_links":{"self":[{"href":"https:\/\/parentissportathle.fr\/index.php\/wp-json\/wp\/v2\/pages\/785","targetHints":{"allow":["GET"]}}],"collection":[{"href":"https:\/\/parentissportathle.fr\/index.php\/wp-json\/wp\/v2\/pages"}],"about":[{"href":"https:\/\/parentissportathle.fr\/index.php\/wp-json\/wp\/v2\/types\/page"}],"author":[{"embeddable":true,"href":"https:\/\/parentissportathle.fr\/index.php\/wp-json\/wp\/v2\/users\/1"}],"replies":[{"embeddable":true,"href":"https:\/\/parentissportathle.fr\/index.php\/wp-json\/wp\/v2\/comments?post=785"}],"version-history":[{"count":319,"href":"https:\/\/parentissportathle.fr\/index.php\/wp-json\/wp\/v2\/pages\/785\/revisions"}],"predecessor-version":[{"id":2228,"href":"https:\/\/parentissportathle.fr\/index.php\/wp-json\/wp\/v2\/pages\/785\/revisions\/2228"}],"wp:attachment":[{"href":"https:\/\/parentissportathle.fr\/index.php\/wp-json\/wp\/v2\/media?parent=785"}],"curies":[{"name":"wp","href":"https:\/\/api.w.org\/{rel}","templated":true}]}}